{"id":624,"date":"2019-05-28T17:34:11","date_gmt":"2019-05-28T15:34:11","guid":{"rendered":"https:\/\/extern23.gruene.ch\/musterperson\/?page_id=624"},"modified":"2025-11-17T12:09:25","modified_gmt":"2025-11-17T11:09:25","slug":"angebot","status":"publish","type":"page","link":"https:\/\/extern23.gruene.ch\/musterperson\/angebot","title":{"rendered":"Websites f\u00fcr Gr\u00fcne Kandidierende und Gew\u00e4hlte"},"content":{"rendered":"","protected":false},"excerpt":{"rendered":"","protected":false},"author":14,"featured_media":0,"parent":0,"menu_order":0,"comment_status":"closed","ping_status":"closed","template":"single_landingpage.php","meta":{"_acf_changed":false,"inline_featured_image":false,"footnotes":""},"class_list":["post-624","page","type-page","status-publish","hentry"],"acf":[],"yoast_head":"<!-- This site is optimized with the Yoast SEO plugin v26.9 - https:\/\/yoast.com\/product\/yoast-seo-wordpress\/ -->\n<title>Websites f\u00fcr Gr\u00fcne Kandidierende und Gew\u00e4hlte - Muster Person<\/title>\n<meta name=\"description\" content=\"Als PolitikerIn bist du eine Person der \u00d6ffentlichkeit und deine W\u00e4hlerInnen m\u00f6chten wissen wof\u00fcr du stehst und was du tust. Eine Website ist die perfekte Plattform dies zu kommunizieren. Gerne bieten wir dir den Grundstein, die Website, damit du dich nur noch um die Inhalte k\u00fcmmern musst.\" \/>\n<meta name=\"robots\" content=\"index, follow, max-snippet:-1, max-image-preview:large, max-video-preview:-1\" \/>\n<link rel=\"canonical\" href=\"https:\/\/extern23.gruene.ch\/musterperson\/angebot\" \/>\n<meta property=\"og:locale\" content=\"de_DE\" \/>\n<meta property=\"og:type\" content=\"article\" \/>\n<meta property=\"og:title\" content=\"Websites f\u00fcr Gr\u00fcne Kandidierende und Gew\u00e4hlte - Muster Person\" \/>\n<meta property=\"og:description\" content=\"Als PolitikerIn bist du eine Person der \u00d6ffentlichkeit und deine W\u00e4hlerInnen m\u00f6chten wissen wof\u00fcr du stehst und was du tust. Eine \u2026\" \/>\n<meta property=\"og:url\" content=\"https:\/\/extern23.gruene.ch\/musterperson\/angebot\" \/>\n<meta property=\"og:site_name\" content=\"Muster Person\" \/>\n<meta property=\"article:modified_time\" content=\"2025-11-17T11:09:25+00:00\" \/>\n<meta name=\"twitter:card\" content=\"summary_large_image\" \/>\n<meta name=\"twitter:label1\" content=\"Gesch\u00e4tzte Lesezeit\" \/>\n\t<meta name=\"twitter:data1\" content=\"1\u00a0Minute\" \/>\n<script type=\"application\/ld+json\" class=\"yoast-schema-graph\">{\"@context\":\"https:\/\/schema.org\",\"@graph\":[{\"@type\":\"WebPage\",\"@id\":\"https:\/\/extern23.gruene.ch\/musterperson\/angebot\",\"url\":\"https:\/\/extern23.gruene.ch\/musterperson\/angebot\",\"name\":\"Websites f\u00fcr Gr\u00fcne Kandidierende und Gew\u00e4hlte - Muster Person\",\"isPartOf\":{\"@id\":\"https:\/\/extern23.gruene.ch\/musterperson\/#website\"},\"datePublished\":\"2019-05-28T15:34:11+00:00\",\"dateModified\":\"2025-11-17T11:09:25+00:00\",\"description\":\"Als PolitikerIn bist du eine Person der \u00d6ffentlichkeit und deine W\u00e4hlerInnen m\u00f6chten wissen wof\u00fcr du stehst und was du tust. Eine Website ist die perfekte Plattform dies zu kommunizieren. Gerne bieten wir dir den Grundstein, die Website, damit du dich nur noch um die Inhalte k\u00fcmmern musst.\",\"breadcrumb\":{\"@id\":\"https:\/\/extern23.gruene.ch\/musterperson\/angebot#breadcrumb\"},\"inLanguage\":\"de\",\"potentialAction\":[{\"@type\":\"ReadAction\",\"target\":[\"https:\/\/extern23.gruene.ch\/musterperson\/angebot\"]}]},{\"@type\":\"BreadcrumbList\",\"@id\":\"https:\/\/extern23.gruene.ch\/musterperson\/angebot#breadcrumb\",\"itemListElement\":[{\"@type\":\"ListItem\",\"position\":1,\"name\":\"Startseite\",\"item\":\"https:\/\/extern23.gruene.ch\/musterperson\/\"},{\"@type\":\"ListItem\",\"position\":2,\"name\":\"Websites f\u00fcr Gr\u00fcne Kandidierende und Gew\u00e4hlte\"}]},{\"@type\":\"WebSite\",\"@id\":\"https:\/\/extern23.gruene.ch\/musterperson\/#website\",\"url\":\"https:\/\/extern23.gruene.ch\/musterperson\/\",\"name\":\"Muster Person\",\"description\":\"Petra Muster in den Nationalrat\",\"potentialAction\":[{\"@type\":\"SearchAction\",\"target\":{\"@type\":\"EntryPoint\",\"urlTemplate\":\"https:\/\/extern23.gruene.ch\/musterperson\/?s={search_term_string}\"},\"query-input\":{\"@type\":\"PropertyValueSpecification\",\"valueRequired\":true,\"valueName\":\"search_term_string\"}}],\"inLanguage\":\"de\"}]}<\/script>\n<!-- \/ Yoast SEO plugin. -->","yoast_head_json":{"title":"Websites f\u00fcr Gr\u00fcne Kandidierende und Gew\u00e4hlte - Muster Person","description":"Als PolitikerIn bist du eine Person der \u00d6ffentlichkeit und deine W\u00e4hlerInnen m\u00f6chten wissen wof\u00fcr du stehst und was du tust. Eine Website ist die perfekte Plattform dies zu kommunizieren. Gerne bieten wir dir den Grundstein, die Website, damit du dich nur noch um die Inhalte k\u00fcmmern musst.","robots":{"index":"index","follow":"follow","max-snippet":"max-snippet:-1","max-image-preview":"max-image-preview:large","max-video-preview":"max-video-preview:-1"},"canonical":"https:\/\/extern23.gruene.ch\/musterperson\/angebot","og_locale":"de_DE","og_type":"article","og_title":"Websites f\u00fcr Gr\u00fcne Kandidierende und Gew\u00e4hlte - Muster Person","og_description":"Als PolitikerIn bist du eine Person der \u00d6ffentlichkeit und deine W\u00e4hlerInnen m\u00f6chten wissen wof\u00fcr du stehst und was du tust. Eine \u2026","og_url":"https:\/\/extern23.gruene.ch\/musterperson\/angebot","og_site_name":"Muster Person","article_modified_time":"2025-11-17T11:09:25+00:00","twitter_card":"summary_large_image","twitter_misc":{"Gesch\u00e4tzte Lesezeit":"1\u00a0Minute"},"schema":{"@context":"https:\/\/schema.org","@graph":[{"@type":"WebPage","@id":"https:\/\/extern23.gruene.ch\/musterperson\/angebot","url":"https:\/\/extern23.gruene.ch\/musterperson\/angebot","name":"Websites f\u00fcr Gr\u00fcne Kandidierende und Gew\u00e4hlte - Muster Person","isPartOf":{"@id":"https:\/\/extern23.gruene.ch\/musterperson\/#website"},"datePublished":"2019-05-28T15:34:11+00:00","dateModified":"2025-11-17T11:09:25+00:00","description":"Als PolitikerIn bist du eine Person der \u00d6ffentlichkeit und deine W\u00e4hlerInnen m\u00f6chten wissen wof\u00fcr du stehst und was du tust. Eine Website ist die perfekte Plattform dies zu kommunizieren. Gerne bieten wir dir den Grundstein, die Website, damit du dich nur noch um die Inhalte k\u00fcmmern musst.","breadcrumb":{"@id":"https:\/\/extern23.gruene.ch\/musterperson\/angebot#breadcrumb"},"inLanguage":"de","potentialAction":[{"@type":"ReadAction","target":["https:\/\/extern23.gruene.ch\/musterperson\/angebot"]}]},{"@type":"BreadcrumbList","@id":"https:\/\/extern23.gruene.ch\/musterperson\/angebot#breadcrumb","itemListElement":[{"@type":"ListItem","position":1,"name":"Startseite","item":"https:\/\/extern23.gruene.ch\/musterperson\/"},{"@type":"ListItem","position":2,"name":"Websites f\u00fcr Gr\u00fcne Kandidierende und Gew\u00e4hlte"}]},{"@type":"WebSite","@id":"https:\/\/extern23.gruene.ch\/musterperson\/#website","url":"https:\/\/extern23.gruene.ch\/musterperson\/","name":"Muster Person","description":"Petra Muster in den Nationalrat","potentialAction":[{"@type":"SearchAction","target":{"@type":"EntryPoint","urlTemplate":"https:\/\/extern23.gruene.ch\/musterperson\/?s={search_term_string}"},"query-input":{"@type":"PropertyValueSpecification","valueRequired":true,"valueName":"search_term_string"}}],"inLanguage":"de"}]}},"_links":{"self":[{"href":"https:\/\/extern23.gruene.ch\/musterperson\/wp-json\/wp\/v2\/pages\/624","targetHints":{"allow":["GET"]}}],"collection":[{"href":"https:\/\/extern23.gruene.ch\/musterperson\/wp-json\/wp\/v2\/pages"}],"about":[{"href":"https:\/\/extern23.gruene.ch\/musterperson\/wp-json\/wp\/v2\/types\/page"}],"author":[{"embeddable":true,"href":"https:\/\/extern23.gruene.ch\/musterperson\/wp-json\/wp\/v2\/users\/14"}],"replies":[{"embeddable":true,"href":"https:\/\/extern23.gruene.ch\/musterperson\/wp-json\/wp\/v2\/comments?post=624"}],"version-history":[{"count":27,"href":"https:\/\/extern23.gruene.ch\/musterperson\/wp-json\/wp\/v2\/pages\/624\/revisions"}],"predecessor-version":[{"id":800,"href":"https:\/\/extern23.gruene.ch\/musterperson\/wp-json\/wp\/v2\/pages\/624\/revisions\/800"}],"wp:attachment":[{"href":"https:\/\/extern23.gruene.ch\/musterperson\/wp-json\/wp\/v2\/media?parent=624"}],"curies":[{"name":"wp","href":"https:\/\/api.w.org\/{rel}","templated":true}]}}